{"id":6369,"date":"2024-11-13T18:13:07","date_gmt":"2024-11-13T18:13:07","guid":{"rendered":"https:\/\/lancaracuba.org\/proyectos\/"},"modified":"2025-02-01T22:00:36","modified_gmt":"2025-02-01T22:00:36","slug":"proyectos","status":"publish","type":"page","link":"https:\/\/lancaracuba.org\/fr\/proyectos\/","title":{"rendered":"Projets"},"content":{"rendered":"\n\t<section class=\"section\" id=\"section_373237385\">\n\t\t<div class=\"section-bg fill\" >\n\t\t\t\t\t\t\t\t\t\n\t\t\t\n\n\t\t<\/div>\n\n\t\t\n\n\t\t<div class=\"section-content relative\">\n\t\t\t\n<div class=\"row\" style=\"max-width:1200px\" id=\"row-2095064370\">\n\n\t<div id=\"col-247056614\" class=\"col medium-6 small-12 large-5\"  >\n\t\t\t\t<div class=\"col-inner\"  >\n\t\t\t\n\t\t\t\n\t<div id=\"gap-768109429\" class=\"gap-element clearfix\" style=\"display:block; height:auto;\">\n\t\t\n<style>\n#gap-768109429 {\n  padding-top: 60px;\n}\n<\/style>\n\t<\/div>\n\t\n\t<div id=\"text-1383943396\" class=\"text\">\n\t\t\n<h1>Projets<\/h1>\n\t\t\n<style>\n#text-1383943396 {\n  font-size: 2.75rem;\n}\n<\/style>\n\t<\/div>\n\t\n\t\t<\/div>\n\t\t\t\t\t<\/div>\n\n\t\n<\/div>\n\t\t<\/div>\n\n\t\t\n<style>\n#section_373237385 {\n  padding-top: 30px;\n  padding-bottom: 30px;\n  min-height: 300px;\n  background-color: rgb(249, 245, 229);\n}\n@media (min-width:550px) {\n  #section_373237385 {\n    min-height: 400px;\n  }\n}\n<\/style>\n\t<\/section>\n\t\n\n\t<section class=\"section\" id=\"section_1226899441\">\n\t\t<div class=\"section-bg fill\" >\n\t\t\t\t\t\t\t\t\t\n\t\t\t\n\n\t\t<\/div>\n\n\t\t\n\n\t\t<div class=\"section-content relative\">\n\t\t\t\n<div class=\"row\" style=\"max-width:1200px\" id=\"row-567832393\">\n\n\t<div id=\"col-1294535071\" class=\"col small-12 large-12\"  >\n\t\t\t\t<div class=\"col-inner\"  >\n\t\t\t\n\t\t\t\n<div class=\"row align-bottom\" style=\"max-width:1200px\" id=\"row-412831049\">\n\n\t<div id=\"col-1654884934\" class=\"col medium-12 small-12 large-6\"  >\n\t\t\t\t<div class=\"col-inner\"  >\n\t\t\t\n\t\t\t\n<h2>Proyecto de Documentaci\u00f3n y Preservaci\u00f3n Hist\u00f3rica<\/h2>\n<p>Mediante el <strong>Centro de Interpretaci\u00f3n de la Emigraci\u00f3n \u00ab\u00a0Casa \u00c1ngel Castro\u00a0\u00bb<\/strong>, la Asociaci\u00f3n realiza proyectos de preservaci\u00f3n de la historia de la emigraci\u00f3n gallega a Cuba. El centro funciona como un Centro de Interpretaci\u00f3n y archivo vivo, recogiendo testimonios, documentos y objetos que narran la historia de esta migraci\u00f3n.<\/p>\n<p><strong>Impacto:<\/strong><br \/>\nDifusi\u00f3n de la historia migratoria gallega, con un creciente n\u00famero de visitantes y actividades educativas que conectan a las nuevas generaciones con su herencia cultural.<\/p>\n<a class=\"button secondary is-link lowercase\"  >\n\t\t<span>M\u00e1s<\/span>\n\t<i class=\"icon-angle-right\" aria-hidden=\"true\" ><\/i><\/a>\n\n\t\t<\/div>\n\t\t\t\t\t<\/div>\n\n\t\n\n\t<div id=\"col-1207139084\" class=\"col medium-12 small-12 large-6 medium-col-first\"  >\n\t\t\t\t<div class=\"col-inner\"  >\n\t\t\t\n\t\t\t\n\n  <div class=\"banner has-hover\" id=\"banner-962061533\">\n          <div class=\"banner-inner fill\">\n        <div class=\"banner-bg fill\" >\n            <img loading=\"lazy\" decoding=\"async\" width=\"800\" height=\"600\" src=\"https:\/\/lancaracuba.org\/wp-content\/uploads\/2020\/01\/compa_7.png\" class=\"bg attachment-large size-large\" alt=\"\" \/>                                    \n                    <\/div>\n\t\t\n        <div class=\"banner-layers container\">\n            <div class=\"fill banner-link\"><\/div>            \n   <div id=\"text-box-270023302\" class=\"text-box banner-layer x50 md-x50 lg-x50 y50 md-y50 lg-y50 res-text\">\n                                <div class=\"text-box-content text dark\">\n              \n              <div class=\"text-inner text-center\">\n                  \n              <\/div>\n           <\/div>\n                            \n<style>\n#text-box-270023302 {\n  width: 60%;\n}\n#text-box-270023302 .text-box-content {\n  font-size: 100%;\n}\n@media (min-width:550px) {\n  #text-box-270023302 {\n    width: 60%;\n  }\n}\n<\/style>\n    <\/div>\n \n        <\/div>\n      <\/div>\n\n            \n<style>\n#banner-962061533 {\n  padding-top: 400px;\n  background-color: rgb(255, 255, 255);\n}\n#banner-962061533 .banner-bg img {\n  object-position: 78% 33%;\n}\n@media (min-width:550px) {\n  #banner-962061533 {\n    padding-top: 600px;\n  }\n}\n@media (min-width:850px) {\n  #banner-962061533 {\n    padding-top: 700px;\n  }\n}\n<\/style>\n  <\/div>\n\n\n\t\t<\/div>\n\t\t\t\t\n<style>\n#col-1207139084 > .col-inner {\n  padding: 0px 0px 30px 0px;\n  margin: -70px 0px 0px 0px;\n}\n@media (min-width:850px) {\n  #col-1207139084 > .col-inner {\n    margin: -260px 0px 0px 0px;\n  }\n}\n<\/style>\n\t<\/div>\n\n\t\n<\/div>\n\t\t<\/div>\n\t\t\t\t\t<\/div>\n\n\t\n<\/div>\n\t\t<\/div>\n\n\t\t\n<style>\n#section_1226899441 {\n  padding-top: 30px;\n  padding-bottom: 30px;\n}\n<\/style>\n\t<\/section>\n\t <!--\n[section label=\"About us\" bg_color=\"rgb(249, 245, 229)\" padding=\"100px\" padding__sm=\"40px\" padding__md=\"80px\"]\n\n[row width=\"custom\" custom_width=\"1200px\"]\n\n[col span=\"9\" span__sm=\"12\" span__md=\"11\"]\n\n[gap]\n\n[ux_banner height=\"500px\" height__sm=\"300px\" bg_color=\"rgb(249, 245, 229)\"]\n\n[text_box width__sm=\"60\" position_x=\"50\" position_y=\"50\"]\n\n[\/text_box]\n\n[\/ux_banner]\n\n[\/col]\n\n[\/row]\n[row width=\"custom\" custom_width=\"1200px\" h_align=\"right\"]\n\n[col span=\"6\" span__sm=\"12\" span__md=\"8\" padding=\"10% 10% 10% 10%\" margin=\"-317px -42px 0px 0px\" margin__sm=\"-42px -42px 0px 0px\" bg_color=\"rgb(255, 255, 255)\"]\n\n[ux_text font_size=\"1.5\"]\n\n\n<h2>Mejor juntos<\/h2>\n\n\n[\/ux_text]\n\nProgramas de Intercambio Cultural\n\nPara fortalecer el v\u00ednculo entre Espa\u00f1a y Cuba, la Asociaci\u00f3n organiza actividades y eventos de intercambio cultural, tanto en Cuba como en Galicia. Estos programas incluyen talleres, charlas y actividades de difusi\u00f3n de la herencia gallega en Cuba y viceversa, enriqueciendo a ambas comunidades.\n\n[\/col]\n\n[\/row]\n\n[\/section]\n[section label=\"Members\" padding=\"70px\"]\n\n[gap]\n\n[row width=\"custom\" custom_width=\"1200px\"]\n\n[col span=\"6\" span__sm=\"12\" padding=\"50px 50px 50px 0px\" padding__md=\"0px 0px 0px 1px\"]\n\n[ux_banner height=\"261px\" height__sm=\"400px\" bg=\"6301\" bg_size=\"medium_large\" bg_color=\"rgb(255, 255, 255)\" bg_pos=\"0% 33%\"]\n\n[text_box width__sm=\"60\" position_x=\"50\" position_y=\"50\"]\n\n[\/text_box]\n\n[\/ux_banner]\n[gap height=\"100px\" height__sm=\"30px\"]\n\n[\/col]\n[col span=\"6\" span__sm=\"12\" padding=\"50px 0px 0px 50px\" padding__sm=\"0px 0px 0px 0\" padding__md=\"50px 0px 0px 20px\"]\n\n[ux_text font_size=\"1.5\"]\n\n\n<h2>Viajes Solidarios a Cuba<\/h2>\n\n\n[\/ux_text]\n\nLa Asociaci\u00f3n ofrece viajes solidarios a Cuba, donde los participantes pueden conocer de cerca la realidad de las comunidades cubanas y colaborar en proyectos de apoyo local. Estos viajes brindan una experiencia \u00fanica de inmersi\u00f3n y solidaridad.\n\n<strong>Impacto:<\/strong>\nM\u00e1s de 200 participantes han experimentado de primera mano el valor de la solidaridad y han contribuido activamente al desarrollo de las comunidades cubanas.\n\n[gap height=\"80px\" height__sm=\"30px\"]\n\n[\/col]\n\n[\/row]\n\n[\/section] --><br \/>\n\n\t<section class=\"section\" id=\"section_146888145\">\n\t\t<div class=\"section-bg fill\" >\n\t\t\t\t\t\t\t\t\t\n\t\t\t\n\n\t\t<\/div>\n\n\t\t\n\n\t\t<div class=\"section-content relative\">\n\t\t\t\n<div class=\"row align-center\" style=\"max-width:1200px\" id=\"row-912326693\">\n\n\t<div id=\"col-2132292772\" class=\"col medium-7 small-12 large-5\"  >\n\t\t\t\t<div class=\"col-inner text-center\"  >\n\t\t\t\n\t\t\t\n\t<div id=\"gap-342379836\" class=\"gap-element clearfix\" style=\"display:block; height:auto;\">\n\t\t\n<style>\n#gap-342379836 {\n  padding-top: 50px;\n}\n@media (min-width:550px) {\n  #gap-342379836 {\n    padding-top: 60px;\n  }\n}\n@media (min-width:850px) {\n  #gap-342379836 {\n    padding-top: 70px;\n  }\n}\n<\/style>\n\t<\/div>\n\t\n\t<div id=\"text-2923109267\" class=\"text\">\n\t\t\n<h2>Colaboremos<\/h2>\n\t\t\n<style>\n#text-2923109267 {\n  font-size: 1.5rem;\n  text-align: center;\n}\n<\/style>\n\t<\/div>\n\t\n\t<div id=\"text-126015619\" class=\"text\">\n\t\t\n<p>Estos proyectos reflejan el compromiso de la Asociaci\u00f3n de Amistad y Solidaridad L\u00e1ncara &#8211; Cuba por mejorar la calidad de vida de comunidades en Cuba y conservar el legado cultural entre Espa\u00f1a y la isla, con un enfoque en solidaridad, respeto y colaboraci\u00f3n.<\/p>\n\t\t\n<style>\n#text-126015619 {\n  text-align: center;\n}\n<\/style>\n\t<\/div>\n\t\n<a href=\"\/contacto\/\" class=\"button secondary is-link lowercase\"  >\n\t\t<span>Contacta<\/span>\n\t<i class=\"icon-angle-right\" aria-hidden=\"true\" ><\/i><\/a>\n\n\t\t<\/div>\n\t\t\t\t\t<\/div>\n\n\t\n<\/div>\n\t\t<\/div>\n\n\t\t\n<style>\n#section_146888145 {\n  padding-top: 60px;\n  padding-bottom: 60px;\n  background-color: rgb(248, 245, 228);\n}\n@media (min-width:550px) {\n  #section_146888145 {\n    padding-top: 70px;\n    padding-bottom: 70px;\n  }\n}\n<\/style>\n\t<\/section>\n\t\n","protected":false},"excerpt":{"rendered":"","protected":false},"author":1,"featured_media":0,"parent":0,"menu_order":0,"comment_status":"closed","ping_status":"closed","template":"page-blank.php","meta":{"footnotes":""},"class_list":["post-6369","page","type-page","status-publish","hentry"],"_links":{"self":[{"href":"https:\/\/lancaracuba.org\/fr\/wp-json\/wp\/v2\/pages\/6369","targetHints":{"allow":["GET"]}}],"collection":[{"href":"https:\/\/lancaracuba.org\/fr\/wp-json\/wp\/v2\/pages"}],"about":[{"href":"https:\/\/lancaracuba.org\/fr\/wp-json\/wp\/v2\/types\/page"}],"author":[{"embeddable":true,"href":"https:\/\/lancaracuba.org\/fr\/wp-json\/wp\/v2\/users\/1"}],"replies":[{"embeddable":true,"href":"https:\/\/lancaracuba.org\/fr\/wp-json\/wp\/v2\/comments?post=6369"}],"version-history":[{"count":4,"href":"https:\/\/lancaracuba.org\/fr\/wp-json\/wp\/v2\/pages\/6369\/revisions"}],"predecessor-version":[{"id":6616,"href":"https:\/\/lancaracuba.org\/fr\/wp-json\/wp\/v2\/pages\/6369\/revisions\/6616"}],"wp:attachment":[{"href":"https:\/\/lancaracuba.org\/fr\/wp-json\/wp\/v2\/media?parent=6369"}],"curies":[{"name":"wp","href":"https:\/\/api.w.org\/{rel}","templated":true}]}}